{"id":618,"date":"2022-06-14T17:56:32","date_gmt":"2022-06-14T15:56:32","guid":{"rendered":"https:\/\/cernamadona.com\/celetna\/?page_id=618"},"modified":"2023-10-22T22:05:23","modified_gmt":"2023-10-22T20:05:23","slug":"dum-u-cerne-matky-bozi","status":"publish","type":"page","link":"https:\/\/www.cernamadona.com\/celetna\/dum-u-cerne-matky-bozi\/","title":{"rendered":"D\u016fm U \u010cern\u00e9 Matky Bo\u017e\u00ed"},"content":{"rendered":"\n<div style=\"height:140px\" aria-hidden=\"true\" class=\"wp-block-spacer\"><\/div>\n\n\n\n<div class=\"wp-block-group alignwide is-layout-flow wp-block-group-is-layout-flow\">\n<h2 class=\"wp-block-heading has-ast-global-color-4-color has-text-color\">D\u016fm U \u010cern\u00e9 Matky Bo\u017e\u00ed<\/h2>\n<\/div>\n\n\n\n<p style=\"font-size:18px\">D\u016fm U \u010cern\u00e9 Matky Bo\u017e\u00ed, n\u011bkdy ozna\u010dovan\u00fd jako \u010cern\u00e1 matka P\u00e1n\u011b, byl navr\u017een a postaven v letech 1911 a\u017e 1912 na rohu Celetn\u00e9 ulice a Ovocn\u00e9ho trhu. Josef Go\u010d\u00e1r d\u016fm postavil jako prvn\u00ed p\u0159\u00edklad kubistick\u00e9 architektury v Praze a z\u016fst\u00e1v\u00e1 pravd\u011bpodobn\u011b nejslavn\u011bj\u0161\u00ed. D\u016fm \u010cern\u00e9 Madony udr\u017euje atmosf\u00e9ru okol\u00ed i bez historick\u00fdch detail\u016f barokn\u00ed budovy, kter\u00e1 ji obklopuje. N\u00e1zev dostal kamenn\u00e1 socha, kter\u00e1 p\u016fvodn\u011b zdobila jednu ze dvou barokn\u00edch budov na stejn\u00e9m pozemku. Po mnoha letech zm\u011bn\u011bn\u00fdch u\u017e\u00edv\u00e1n\u00ed v meziv\u00e1le\u010dn\u00e9m obdob\u00ed a za komunistick\u00e9 vl\u00e1dy byl d\u016fm uzav\u0159en v lednu 2002 a po rozs\u00e1hl\u00e9 obnov\u011b v listopadu 2003 byl znovu otev\u0159en. <\/p>\n\n\n\n<p style=\"font-size:18px\">D\u016fm navrhl Go\u010d\u00e1r v polovin\u011b roku 1911 ve v\u011bku 31 let pro velkoobchodn\u00edka Franti\u0161ka Josefa Herbsta. Herbst si vybral Go\u010d\u00e1ra, aby postavil sv\u016fj obchodn\u00ed d\u016fm na Star\u00e9m M\u011bst\u011b pod\u00e9l star\u00e9 korunova\u010dn\u00ed trasy, proto\u017ee architekt\u016fv d\u0159\u00edv\u011bj\u0161\u00ed \u00fasp\u011bch byl v podobn\u00e9m obchod\u011b v Jarom\u011b\u0159i postaven\u00e9m v letech 1909-1911. D\u00edky sv\u00e9 prominentn\u00ed poloze v centru m\u011bsta podl\u00e9hala budova Go\u010d\u00e1ra p\u0159\u00edsn\u00fdm harmoniza\u010dn\u00edm pravidl\u016fm vy\u017eaduj\u00edc\u00edm, aby obchodn\u00ed d\u016fm nebyl v rozporu s jeho historick\u00fdm prost\u0159ed\u00edm. Budova tak pou\u017e\u00edv\u00e1 jazyk barokn\u00ed architektury v kubistick\u00e9 podob\u011b, co\u017e je p\u0159\u00edkladem \u201ekontextualizace\u201c kubistick\u00e9 architektury. <\/p>\n\n\n\n<figure class=\"wp-block-gallery alignwide has-nested-images columns-default is-cropped wp-block-gallery-1 is-layout-flex wp-block-gallery-is-layout-flex\">\n<figure class=\"wp-block-image size-large\"><img loading=\"lazy\" decoding=\"async\" width=\"1200\" height=\"1500\" data-id=\"642\" src=\"https:\/\/cernamadona.com\/celetna\/wp-content\/uploads\/P8090922.jpeg.jpg\" alt=\"\" class=\"wp-image-642\" srcset=\"https:\/\/www.cernamadona.com\/celetna\/wp-content\/uploads\/P8090922.jpeg.jpg 1200w, https:\/\/www.cernamadona.com\/celetna\/wp-content\/uploads\/P8090922.jpeg-480x600.jpg 480w, https:\/\/www.cernamadona.com\/celetna\/wp-content\/uploads\/P8090922.jpeg-768x960.jpg 768w\" sizes=\"auto, (max-width: 1200px) 100vw, 1200px\" \/><\/figure>\n\n\n\n<figure class=\"wp-block-image size-large\"><img loading=\"lazy\" decoding=\"async\" width=\"1200\" height=\"1500\" data-id=\"635\" src=\"https:\/\/cernamadona.com\/celetna\/wp-content\/uploads\/madonaxi-8665.jpg\" alt=\"\" class=\"wp-image-635\" srcset=\"https:\/\/www.cernamadona.com\/celetna\/wp-content\/uploads\/madonaxi-8665.jpg 1200w, https:\/\/www.cernamadona.com\/celetna\/wp-content\/uploads\/madonaxi-8665-480x600.jpg 480w, https:\/\/www.cernamadona.com\/celetna\/wp-content\/uploads\/madonaxi-8665-768x960.jpg 768w\" sizes=\"auto, (max-width: 1200px) 100vw, 1200px\" \/><\/figure>\n\n\n\n<figure class=\"wp-block-image size-large\"><img loading=\"lazy\" decoding=\"async\" width=\"1200\" height=\"960\" data-id=\"634\" src=\"https:\/\/cernamadona.com\/celetna\/wp-content\/uploads\/madonaxi-8653.jpg\" alt=\"\" class=\"wp-image-634\" srcset=\"https:\/\/www.cernamadona.com\/celetna\/wp-content\/uploads\/madonaxi-8653.jpg 1200w, https:\/\/www.cernamadona.com\/celetna\/wp-content\/uploads\/madonaxi-8653-600x480.jpg 600w, https:\/\/www.cernamadona.com\/celetna\/wp-content\/uploads\/madonaxi-8653-768x614.jpg 768w\" sizes=\"auto, (max-width: 1200px) 100vw, 1200px\" \/><\/figure>\n<\/figure>\n\n\n\n<div style=\"height:15px\" aria-hidden=\"true\" class=\"wp-block-spacer\"><\/div>\n\n\n\n<p style=\"font-size:18px\">Go\u010d\u00e1rovy prvn\u00ed pl\u00e1ny nebyly v \u010cech\u00e1ch dob\u0159e p\u0159ijaty. Dal\u0161\u00ed n\u00e1vrhy zahrnovaly v\u00edce kubistick\u00fdch prvk\u016f do budovy. Magistr\u00e1t hl. M. Prahy nakonec tyto pl\u00e1ny schv\u00e1lil 4. srpna 1911. Go\u010d\u00e1rova ran\u00e1 modernistick\u00e1 orientace (jak je vid\u011bt na p\u016fvodn\u00edch pl\u00e1nech budovy), ustoupila nov\u00fdm kubistick\u00fdm n\u00e1vrh\u016fm v dokon\u010den\u00e9 budov\u011b. V designech se nach\u00e1zely \u00fahlov\u00e1 ark\u00fd\u0159ov\u00e1 okna, kultovn\u00ed hlavn\u00ed m\u011bsta mezi okny a z\u00e1bradl\u00ed na kubistick\u00e9 balkony. <\/p>\n\n\n\n<p style=\"font-size:18px\">Stejn\u011b jako mnoho Go\u010d\u00e1rov\u00fdch dom\u016f byl i D\u016fm \u010cern\u00e9 Madony postaven se \u017eelezobetonovou kostrou inspirovanou Chicagskou \u0161kolou (architektura). Interi\u00e9ry kubist\u016f se uk\u00e1zaly jako v\u00fdzva pro architekty. Pou\u017eit\u00ed \u017eelezobetonov\u00e9 kostry umo\u017e\u0148ovalo velk\u00e9 vnit\u0159n\u00ed prostory bez podpory stropu, kter\u00e9 l\u00e9pe vyhovovaly kubistick\u00e9 estetice. Kubismus je um\u011bleck\u00e9 hnut\u00ed z po\u010d\u00e1tku 20. stolet\u00ed, kter\u00e9 revolucionizovalo evropsk\u00e9 mal\u00ed\u0159stv\u00ed a socha\u0159stv\u00ed a inspirovalo souvisej\u00edc\u00ed hnut\u00ed v hudb\u011b, literatu\u0159e a architektu\u0159e. <\/p>\n\n\n\n<p style=\"font-size:18px\">Kubismus byl pova\u017eov\u00e1n za nejvlivn\u011bj\u0161\u00ed um\u011bleck\u00e9 hnut\u00ed 20. stolet\u00ed.<\/p>\n\n\n\n<div style=\"height:30px\" aria-hidden=\"true\" class=\"wp-block-spacer\"><\/div>\n","protected":false},"excerpt":{"rendered":"<p>D\u016fm U \u010cern\u00e9 Matky Bo\u017e\u00ed D\u016fm U \u010cern\u00e9 Matky Bo\u017e\u00ed, n\u011bkdy ozna\u010dovan\u00fd jako \u010cern\u00e1 matka P\u00e1n\u011b, byl navr\u017een a postaven v letech 1911 a\u017e 1912 na rohu Celetn\u00e9 ulice a Ovocn\u00e9ho trhu. Josef Go\u010d\u00e1r d\u016fm postavil jako prvn\u00ed p\u0159\u00edklad kubistick\u00e9 architektury v Praze a z\u016fst\u00e1v\u00e1 pravd\u011bpodobn\u011b nejslavn\u011bj\u0161\u00ed. D\u016fm \u010cern\u00e9 Madony udr\u017euje atmosf\u00e9ru okol\u00ed i bez [&hellip;]<\/p>\n","protected":false},"author":3,"featured_media":0,"parent":0,"menu_order":0,"comment_status":"closed","ping_status":"closed","template":"","meta":{"site-sidebar-layout":"default","site-content-layout":"","ast-site-content-layout":"default","site-content-style":"default","site-sidebar-style":"default","ast-global-header-display":"","ast-banner-title-visibility":"","ast-main-header-display":"","ast-hfb-above-header-display":"","ast-hfb-below-header-display":"","ast-hfb-mobile-header-display":"","site-post-title":"disabled","ast-breadcrumbs-content":"","ast-featured-img":"","footer-sml-layout":"","ast-disable-related-posts":"","theme-transparent-header-meta":"","adv-header-id-meta":"","stick-header-meta":"","header-above-stick-meta":"","header-main-stick-meta":"","header-below-stick-meta":"","astra-migrate-meta-layouts":"set","ast-page-background-enabled":"default","ast-page-background-meta":{"desktop":{"background-color":"var(--ast-global-color-4)","background-image":"","background-repeat":"repeat","background-position":"center center","background-size":"auto","background-attachment":"scroll","background-type":"","background-media":"","overlay-type":"","overlay-color":"","overlay-opacity":"","overlay-gradient":""},"tablet":{"background-color":"","background-image":"","background-repeat":"repeat","background-position":"center center","background-size":"auto","background-attachment":"scroll","background-type":"","background-media":"","overlay-type":"","overlay-color":"","overlay-opacity":"","overlay-gradient":""},"mobile":{"background-color":"","background-image":"","background-repeat":"repeat","background-position":"center center","background-size":"auto","background-attachment":"scroll","background-type":"","background-media":"","overlay-type":"","overlay-color":"","overlay-opacity":"","overlay-gradient":""}},"ast-content-background-meta":{"desktop":{"background-color":"var(--ast-global-color-5)","background-image":"","background-repeat":"repeat","background-position":"center center","background-size":"auto","background-attachment":"scroll","background-type":"","background-media":"","overlay-type":"","overlay-color":"","overlay-opacity":"","overlay-gradient":""},"tablet":{"background-color":"var(--ast-global-color-5)","background-image":"","background-repeat":"repeat","background-position":"center center","background-size":"auto","background-attachment":"scroll","background-type":"","background-media":"","overlay-type":"","overlay-color":"","overlay-opacity":"","overlay-gradient":""},"mobile":{"background-color":"var(--ast-global-color-5)","background-image":"","background-repeat":"repeat","background-position":"center center","background-size":"auto","background-attachment":"scroll","background-type":"","background-media":"","overlay-type":"","overlay-color":"","overlay-opacity":"","overlay-gradient":""}},"footnotes":""},"class_list":["post-618","page","type-page","status-publish","hentry"],"_links":{"self":[{"href":"https:\/\/www.cernamadona.com\/celetna\/wp-json\/wp\/v2\/pages\/618","targetHints":{"allow":["GET"]}}],"collection":[{"href":"https:\/\/www.cernamadona.com\/celetna\/wp-json\/wp\/v2\/pages"}],"about":[{"href":"https:\/\/www.cernamadona.com\/celetna\/wp-json\/wp\/v2\/types\/page"}],"author":[{"embeddable":true,"href":"https:\/\/www.cernamadona.com\/celetna\/wp-json\/wp\/v2\/users\/3"}],"replies":[{"embeddable":true,"href":"https:\/\/www.cernamadona.com\/celetna\/wp-json\/wp\/v2\/comments?post=618"}],"version-history":[{"count":18,"href":"https:\/\/www.cernamadona.com\/celetna\/wp-json\/wp\/v2\/pages\/618\/revisions"}],"predecessor-version":[{"id":880,"href":"https:\/\/www.cernamadona.com\/celetna\/wp-json\/wp\/v2\/pages\/618\/revisions\/880"}],"wp:attachment":[{"href":"https:\/\/www.cernamadona.com\/celetna\/wp-json\/wp\/v2\/media?parent=618"}],"curies":[{"name":"wp","href":"https:\/\/api.w.org\/{rel}","templated":true}]}}